{"id":3376,"date":"2018-08-20T03:30:13","date_gmt":"2018-08-20T03:30:13","guid":{"rendered":"http:\/\/teatrociego.com.mx\/?page_id=3376"},"modified":"2018-08-20T03:52:14","modified_gmt":"2018-08-20T03:52:14","slug":"arte-ciego-a-c-teatro-ciego","status":"publish","type":"page","link":"http:\/\/teatrociego.com.mx\/en_US\/quienes-somos\/arte-ciego-a-c-teatro-ciego\/","title":{"rendered":"Arte Ciego A.C. \/ Teatro Ciego"},"content":{"rendered":"<section class=\"fw-main-row \">\n<div class=\"fw-container\">\n<div class=\"fw-row\">\n<div class=\"fw-col-xs-12\">\n<p style=\"text-align: justify\">Teatro Ciego es una compa\u00f1\u00eda que promueve la inclusi\u00f3n de personas con discapacidad visual a trav\u00e9s de las artes esc\u00e9nicas, fomentando una cultura teatral incluyente que se basa en el respeto y la equidad de oportunidades.<br \/>La compa\u00f1\u00eda nace en enero de 2007 y est\u00e1 conformada por actores ciegos y d\u00e9biles visuales.<br \/>Una de las caracter\u00edsticas principales de nuestros espect\u00e1culos es que suceden en la total obscuridad. El espectador se vuelve un escucha. Se juega con sensaciones olfativas, t\u00e1ctiles y sonoras.<br \/>Con nueve a\u00f1os de trayectoria. La compa\u00f1\u00eda ha producido seis montajes los cuales han tenido temporadas en diferentes recintos culturales del pa\u00eds.<\/p>\n<\/div>\n<\/div>\n<div class=\"fw-row\">\n<div class=\"fw-col-xs-12\">\n<h1>Qui\u00e9nes somos<\/h1>\n<\/div>\n<\/div>\n<div class=\"fw-row\">\n<div class=\"fw-col-xs-12 fw-col-sm-6\">\n\t<img loading=\"lazy\" decoding=\"async\" src=\"http:\/\/teatrociego.com.mx\/wp-content\/uploads\/2016\/07\/10-300x200.jpg\" alt=\"http:\/\/teatrociego.com.mx\/wp-content\/uploads\/2016\/07\/10-300x200.jpg\" width=\"300\" height=\"200\" \/><\/div>\n<div class=\"fw-col-xs-12 fw-col-sm-6\">\n<p>Teatro Ciego es una compa\u00f1\u00eda que promueve la inclusi\u00f3n de personas con discapacidad visual a trav\u00e9s de las artes esc\u00e9nicas, fomentando una cultura teatral incluyente que se basa en el respeto y la equidad de oportunidades.<\/p>\n<p>La compa\u00f1\u00eda nace en enero de 2007 y est\u00e1 conformada por actores ciegos y d\u00e9biles visuales.<\/p>\n<p style=\"text-align: justify\">Una de las caracter\u00edsticas principales de nuestros espect\u00e1culos&nbsp;es que suceden en la total obscuridad. El espectador se vuelve un escucha. Se juega con sensaciones olfativas, t\u00e1ctiles y sonoras.<\/p>\n<p style=\"text-align: justify\">Con nueve a\u00f1os de trayectoria. La compa\u00f1\u00eda ha producido seis montajes los cuales han tenido temporadas en diferentes recintos culturales del pa\u00eds.<\/p>\n<\/div>\n<\/div>\n<div class=\"fw-row\">\n<div class=\"fw-col-xs-12\">\n<h3><strong>2018<\/strong><\/h3>\n<p>Temporada <strong>&#8220;\u00bfQuien Soy? Recetario Sobre usted mismo.&#8221;<\/strong>\u00a0Centro Cultural Carretera 45.<\/p>\n<p>Temporada <strong>&#8220;\u00bfQuien Soy? Recetario sobre usted mismo.&#8221;<\/strong>\u00a0Foro la Gruta del Centro Cultural Hel\u00e9nico.<\/p>\n<p><strong>Gira de &#8220;La Mirada del Inventor Ciego&#8221;.<\/strong><\/p>\n<p>Presentaci\u00f3n de <strong>&#8220;\u00bfQuien soy? Recetario sobre usted mismo&#8221;<\/strong> en la 39 Muestra Nacional de Teatro.<\/p>\n<p><strong>6to Encuentro\u00a0<em>Internacional<\/em> de Teatro de Discapacidad.\u00a0<\/strong><em><strong>Otros Territorios<\/strong>.<\/em>San Luis Potos\u00ed. Beneficiario de Iberescena.<\/p>\n<h3><strong>2017\u00a0<\/strong><\/h3>\n<p>Temporada de &#8220;Avisame si te vas&#8221; en el Museo Nacional de San Carlos.<\/p>\n<p>Preparaci\u00f3n de video documental <strong>&#8220;Camino a casa&#8221;<\/strong><\/p>\n<h3><strong>2016<\/strong><\/h3>\n<p><strong>V Encuentro de Teatro de Discapacidad<\/strong>, realizado en la ciudad de San Luis Potos\u00ed, M\u00e9xico.<\/p>\n<p>Estreno del montaje <strong>&#8220;\u00bfQui\u00e9n soy&#8221;<\/strong> de Itzel Lara. Direcci\u00f3n: Anabel Saavedra, en Teatro La Capilla.<\/p>\n<p>Temporada de <strong>&#8220;La mirada del inventor ciego&#8221;<\/strong> de Berta Hiriart y direcci\u00f3n de Berta Hiriart y Juan Carlos Saavedra, en Teatro El Gale\u00f3n del Centro Cultural del Bosque del INBA.<\/p>\n<p>Estreno del espect\u00e1culo de Stand Up Comedy <strong>&#8220;Av\u00edsame si te vas&#8221;<\/strong> Direcci\u00f3n de Blanca Salces en Sala Novo.<\/p>\n<h3><strong>2015<\/strong><\/h3>\n<p>Estreno del proyecto infantil <strong>&#8220;La mirada del inventor ciego&#8221;<\/strong> en Teatro Benito Ju\u00e1rez.<\/p>\n<p>Temporada &#8220;Unplugged en la obscuridad&#8221; de Francisco Reyes y direcci\u00f3n de Juan Carlos Saavedra.\u00a0 Foro Shakespeare.<\/p>\n<h3><strong>2014<\/strong><\/h3>\n<p><strong>IV Encuentro de Teatro de Discapacidad<\/strong>.En San Luis Potos\u00ed<\/p>\n<p>Temporada de <strong>&#8220;Unplugged en la obscuridad&#8221;<\/strong> Teatro Benito Ju\u00e1rez.<\/p>\n<h3><strong>2013<\/strong><\/h3>\n<p>Estreno de <strong>&#8220;Unplugged en la obscuridad&#8221;<\/strong> en Teatro el Gale\u00f3n del Centro Cultural del Bosque del INBA.\u00a0Producci\u00f3n de la Coordinaci\u00f3n Nacional de Teatro del INBA y Teatro Ciego.<\/p>\n<p><strong>2012<\/strong> III Encuentro de Teatro de Discapacidad.<\/p>\n<p>Temporada de &#8220;De sue\u00f1os rotos&#8221; de Francisco Reyes y direcci\u00f3n de Juan Carlos Saavedra, en\u00a0Teatro Ju\u00e1rez, Oaxaca.\u00a0Proyecto apoyado por el Programa para el Fortalecimiento de los Emprendimientos Ciudadanos, Art\u00edsticos y Culturales de la Secretar\u00eda de Cultura de Oaxaca.\u00a0Categor\u00eda: producci\u00f3n y montaje de artes esc\u00e9nicas a nivel estatal.<\/p>\n<p>Estreno de &#8220;De sue\u00f1os rotos&#8221; en Teatro Julio Prieto.\u00a0Proyecto apoyado por el programa Fomento a\u00a0Proyectos y Coinversiones Culturales del FONCA 2012.<\/p>\n<p><strong>2011<\/strong> Realizaci\u00f3n del II Encuentro de Teatro de Discapacidad.<\/p>\n<p><strong>2010<\/strong> Realizaci\u00f3n del I Encuentro de Teatro de Discapacidad con el apoyo de\u00a0CONACULTA, CONADIS, Secretar\u00eda de Cultura \u00a0y Centro de las Artes de San Luis Potos\u00ed.<\/p>\n<p><strong>2008<\/strong>\u00a0Temporada\u00a0&#8220;Bajo el puente&#8221; de Lucciana Ordaz y Juan Carlos Saavedra. Direcci\u00f3n de Juan Carlos Saavedra, en\u00a0Casa Jaime Sabines.<\/p>\n<p><strong>2007<\/strong> Temporada &#8220;Bajo el puente&#8221;\u00a0Kidzania antes La Ciudad de los Ni\u00f1os.<\/p>\n<p>Estreno de &#8220;Bajo el puente&#8221; en el\u00a0Foro de vitrales de Casa Azul.\u00a0Proyecto\u00a0ganador de la convocatoria: Proyectos Art\u00edsticos y Culturales 2007, del Instituto Mexicano de la Juventud.<\/p>\n<\/div>\n<\/div><\/div>\n<\/section>\n<p><!-- b4c8ae16ddb6dd6b3dd45ed98e2b78af --><\/p>\n","protected":false},"excerpt":{"rendered":"<p>Teatro Ciego es una compa\u00f1\u00eda que promueve la inclusi\u00f3n de personas con discapacidad visual a trav\u00e9s de las artes esc\u00e9nicas, fomentando una cultura teatral incluyente que se basa en el respeto y la equidad de oportunidades.La compa\u00f1\u00eda nace en enero de 2007 y est\u00e1 conformada por actores ciegos y d\u00e9biles visuales.Una de las caracter\u00edsticas principales&hellip;<\/p>\n","protected":false},"author":1,"featured_media":0,"parent":2912,"menu_order":0,"comment_status":"closed","ping_status":"closed","template":"","meta":{"_exactmetrics_skip_tracking":false,"_exactmetrics_sitenote_active":false,"_exactmetrics_sitenote_note":"","_exactmetrics_sitenote_category":0,"footnotes":""},"class_list":["post-3376","page","type-page","status-publish","hentry"],"_links":{"self":[{"href":"http:\/\/teatrociego.com.mx\/en_US\/wp-json\/wp\/v2\/pages\/3376","targetHints":{"allow":["GET"]}}],"collection":[{"href":"http:\/\/teatrociego.com.mx\/en_US\/wp-json\/wp\/v2\/pages"}],"about":[{"href":"http:\/\/teatrociego.com.mx\/en_US\/wp-json\/wp\/v2\/types\/page"}],"author":[{"embeddable":true,"href":"http:\/\/teatrociego.com.mx\/en_US\/wp-json\/wp\/v2\/users\/1"}],"replies":[{"embeddable":true,"href":"http:\/\/teatrociego.com.mx\/en_US\/wp-json\/wp\/v2\/comments?post=3376"}],"version-history":[{"count":6,"href":"http:\/\/teatrociego.com.mx\/en_US\/wp-json\/wp\/v2\/pages\/3376\/revisions"}],"predecessor-version":[{"id":3383,"href":"http:\/\/teatrociego.com.mx\/en_US\/wp-json\/wp\/v2\/pages\/3376\/revisions\/3383"}],"up":[{"embeddable":true,"href":"http:\/\/teatrociego.com.mx\/en_US\/wp-json\/wp\/v2\/pages\/2912"}],"wp:attachment":[{"href":"http:\/\/teatrociego.com.mx\/en_US\/wp-json\/wp\/v2\/media?parent=3376"}],"curies":[{"name":"wp","href":"https:\/\/api.w.org\/{rel}","templated":true}]}}